{"id":3377,"date":"2023-06-30T10:25:19","date_gmt":"2023-06-30T08:25:19","guid":{"rendered":"https:\/\/new.balencio.com\/pers\/"},"modified":"2026-04-14T10:55:19","modified_gmt":"2026-04-14T08:55:19","slug":"pers","status":"publish","type":"page","link":"https:\/\/balencio.com\/nl\/pers\/","title":{"rendered":"Pers"},"content":{"rendered":"\n<div class=\"wp-block-grimlock-wrapper alignfull  wp-block-grimlock-wrapper--inner-narrower\" style=\"--grimlock-wrapper-background-color:#F8F9FA;--grimlock-wrapper-margin-bottom:0rem;--grimlock-wrapper-padding-top:4vw;--grimlock-wrapper-border-top:0 solid #00000000;--grimlock-wrapper-border-bottom:0 solid #00000000;--grimlock-wrapper-border-left:0 solid #00000000;--grimlock-wrapper-border-right:0 solid #00000000\"><div class=\"wp-block-grimlock-wrapper__bg\"><\/div><div class=\"wp-block-grimlock-wrapper__bg-overlay\"><\/div><div class=\"wp-block-grimlock-wrapper__inner\">\n<div class=\"wp-block-group\" data-aos=\"fade-up\" data-aos-duration=\"750\" data-aos-easing=\"ease-in-out\" data-aos-once=\"true\"><div class=\"wp-block-group__inner-container is-layout-constrained wp-block-group-is-layout-constrained\"><h2 class=\"wp-block-heading has-text-align-center has-black-color has-text-color has-text-bigger-font-size\" style=\"font-style:normal;font-weight:400;text-transform:uppercase\" id=\"over\">Over<\/h2>\n\n\n<div style=\"height:0.5rem\" aria-hidden=\"true\" class=\"wp-block-spacer\"><\/div>\n\n\n<h1 class=\"has-text-align-center wp-block-post-title\">Pers<\/h1>\n\n\n<p class=\"has-text-align-center has-text-bigger-font-size\">Bekijk het laatste bedrijfsnieuws, onze persberichten en download onze mediakit.<\/p>\n\n\n\n<div style=\"height:1rem\" aria-hidden=\"true\" class=\"wp-block-spacer\"><\/div>\n<\/div><\/div>\n\n\n<div class=\"wp-block-image\">\n<figure class=\"aligncenter size-large\" data-aos=\"fade\" data-aos-duration=\"750\" data-aos-easing=\"ease-in-out\" data-aos-once=\"true\"><img decoding=\"async\" width=\"1024\" height=\"763\" src=\"https:\/\/balencio.com\/wp-content\/uploads\/2023\/07\/News-rafiki-1024x763.png\" alt=\"Illustratie met een personage met een megafoon waaruit verschillende bubbels naar buiten komen om de uitzending van berichten of aankondigingen te symboliseren. \" class=\"wp-image-1596\" srcset=\"https:\/\/balencio.com\/wp-content\/uploads\/2023\/07\/News-rafiki-1024x763.png 1024w, https:\/\/balencio.com\/wp-content\/uploads\/2023\/07\/News-rafiki-300x224.png 300w, https:\/\/balencio.com\/wp-content\/uploads\/2023\/07\/News-rafiki-768x572.png 768w, https:\/\/balencio.com\/wp-content\/uploads\/2023\/07\/News-rafiki-1536x1145.png 1536w, https:\/\/balencio.com\/wp-content\/uploads\/2023\/07\/News-rafiki-780x580.png 780w, https:\/\/balencio.com\/wp-content\/uploads\/2023\/07\/News-rafiki.png 1648w\" sizes=\"(max-width: 1024px) 100vw, 1024px\" \/><\/figure>\n<\/div>\n\n\t\t\t<div  class=\" wp-block-grimlock-divider alignfull grimlock-divider grimlock-divider--flip-shape-horizontally grimlock-divider--align-icon-center-center\" style=\"--grimlock-divider-shape-color:#ffffff;--grimlock-divider-icon-color:#000000;--grimlock-divider-background-color:#ffffff00;--grimlock-divider-icon-size:20px;--grimlock-divider-height:100px;--grimlock-divider-margin-top:-200px;--grimlock-divider-margin-bottom:0px;z-index:0;\"  >\n\t\t\t\t\n\t\t\t<div class=\"grimlock-divider__icon\">\n\n\t\t\t\t<svg width=\"40\" height=\"40\" xmlns=\"http:\/\/www.w3.org\/2000\/svg\" viewBox=\"0 0 40 40\"><\/svg>\n\n\t\t\t<\/div>\n\n\t\t\t\t\t\t\n\t\t\t<div class=\"grimlock-divider__shape\">\n\t\t\t\t<svg viewBox=\"0 0 1600 123\" xmlns=\"http:\/\/www.w3.org\/2000\/svg\" preserveAspectRatio=\"none\" class=\"grimlock-divider-svg grimlock-divider-svg--curve\" aria-hidden=\"true\"><path d=\"M1620,89.958231 C1433,35.1572482 1143.3,0 818,0 C483.3,0 186.2,37.2727273 0,94.7936118 L0,0 L1620,0 L1620,89.958231 Z\" id=\"Combined-Shape\"><\/path><\/svg>\n\t\t\t<\/div>\n\n\t\t\t\t\t<\/div>\n\t\t<\/div><\/div>\n\n\n\n<div class=\"wp-block-group\" data-aos=\"fade-up-left\" data-aos-duration=\"750\" data-aos-once=\"true\"><div class=\"wp-block-group__inner-container is-layout-constrained wp-block-group-is-layout-constrained\">\n<figure class=\"wp-block-image size-large is-resized floating--right\"><img decoding=\"async\" src=\"https:\/\/balencio.com\/wp-content\/uploads\/2023\/06\/plane-hero.svg\" alt=\"Illustratie van een blauwe pijl in de vorm van een papieren vliegtuig, met een gestippeld traject\" class=\"wp-image-206\" style=\"width:185px;height:173px\"\/><\/figure>\n<\/div><\/div>\n\n\n\n<div class=\"wp-block-grimlock-wrapper alignfull\" style=\"--grimlock-wrapper-padding-top:4rem;--grimlock-wrapper-padding-bottom:4rem;--grimlock-wrapper-border-top:0 solid #00000000;--grimlock-wrapper-border-bottom:0 solid #00000000;--grimlock-wrapper-border-left:0 solid #00000000;--grimlock-wrapper-border-right:0 solid #00000000\"><div class=\"wp-block-grimlock-wrapper__bg\"><\/div><div class=\"wp-block-grimlock-wrapper__bg-overlay\"><\/div><div class=\"wp-block-grimlock-wrapper__inner\"><h2 class=\"wp-block-heading decoration-line--left decoration--color-warning-400 d-none\" data-aos=\"fade\" data-aos-duration=\"750\" data-aos-easing=\"ease-in-out\" data-aos-once=\"true\" id=\"onze-laatste-persberichten\">Onze laatste persberichten<\/h2>\n\n\t\t\t<div data-aos-duration=\"750\" data-aos-easing=\"ease-in-out\" data-aos-once=\"true\" data-aos=\"fade-up\"  class=\"d-none wp-block-grimlock-query grimlock-query grimlock-posts--4-4-4-cols-classic-slider grimlock-posts--per-page-3 grimlock-posts--type-post\" style=\"border-color:transparent;border-style:solid;border-width:0;\"  data-auto-slide-enabled=\"\" data-slider-arrows-enabled=\"1\" data-slider-pagination=\"bullets\" data-slider-loop-enabled=\"\" data-slides-per-view=\"3\" data-slider-transition=\"slide\">\n\n\t\t\t\n\t\t\t<div class=\"swiper-container\">\n\t\t\t\t<div class=\"swiper-wrapper\">\n\n\t\t\n\t\t\t\t<article id=\"post-69f063f198512\" class=\"swiper-slide post-8752 post type-post status-publish format-standard has-post-thumbnail hentry category-artikelen tag-artikelen\">\n\t\t\t\t\t\t<div class=\"card grimlock-post__card post__card\">\n\t\t\n\t\t\t<div class=\"card-media\">\n\n\t\t\t\t\n\t\t\t\t\t\t<div class=\"card-floating\">\n\t\t\t\t\t\t\t\t\t\t\t\t\t<\/div>\n\n\t\t\t\t\t\t\t\t\t\t\t\t<div class=\"post-thumbnail\">\n\t\t\t\t\t\t\t<img decoding=\"async\" width=\"800\" height=\"600\" src=\"https:\/\/balencio.com\/wp-content\/uploads\/2026\/03\/marque-employeur-800x600.png\" class=\"card-img wp-post-image\" alt=\"Marque employeur\" \/>\t\t\t\t\t\t<\/div>\n\t\t\t\t\t\n\t\t\t<\/div><!-- .card-media -->\n\n\t\t\n\t\t<div class=\"card-body\">\n\t\t\t\t<header class=\"entry-header clearfix\">\n\t\t<h2 class=\"entry-title\"><a href=\"https:\/\/balencio.com\/nl\/werkgeversmerk-in-2026-volledige-gids-en-voorbeelden\/\" rel=\"bookmark\" >Werkgeversmerk in 2026 : volledige gids en voorbeelden<\/a><\/h2>\t<\/header><!-- .entry-header -->\n\t\t\t\t<div class=\"entry-summary clearfix\">\n\t\t\t\t<p>Ontdek hoe u in 2026 een sterk werkgeversmerk kunt bouwen : definitie, EVP, 5 belangrijke pijlers, 6-staps methode, KPI&#8217;s en concrete acties om talent aan te trekken en te behouden.<\/p>\n\t\t\t<\/div><!-- .entry-summary -->\n\t\t\t\t<div class=\"byline author\">\n\t\t\t<a href=\"https:\/\/balencio.com\/nl\/author\/marketing\/\">\n\t\t\t\t<span class=\"author-avatar\"><img alt='Caroline Iweins' src='https:\/\/secure.gravatar.com\/avatar\/c44293183b2151a3fca831cda0ad29ac55754736b1aab68d1c67822cb3f8e005?s=32&#038;d=mm&#038;r=g' srcset='https:\/\/secure.gravatar.com\/avatar\/c44293183b2151a3fca831cda0ad29ac55754736b1aab68d1c67822cb3f8e005?s=64&#038;d=mm&#038;r=g 2x' class='avatar avatar-32 photo rounded-circle' height='32' width='32' \/><\/span>\n\t\t\t\t<div>\n\t\t\t\t\t<div class=\"author-vcard vcard\">Caroline Iweins<\/div>\n\t\t\t\t\t<div class=\"author-function\">Head of Research &#038; Development<\/div>\n\t\t\t\t<\/div>\n\t\t\t<\/a>\n\t\t<\/div>\n\t\t\t<footer class=\"entry-footer clearfix\">\n\t\t\t<div class=\"post-date posted-on\"><span class=\"posted-on-label d-none\">Posted on <\/span><span><time class=\"entry-date published\" datetime=\"2026-03-25T10:10:00+01:00\">25 maart 2026<\/time><time class=\"updated\" datetime=\"2026-04-23T15:09:00+02:00\">23 april 2026<\/time><\/span><\/div>\t\t<\/footer><!-- .entry-footer -->\n\t\t\t<\/div><!-- .card-body -->\n\n\t\t\t<\/div><!-- .card -->\n\t\t\t\t\t<\/article><!-- #post-## -->\n\n\t\t\t\n\t\t\t\t<article id=\"post-69f063f19a127\" class=\"swiper-slide post-8755 post type-post status-publish format-standard has-post-thumbnail hentry category-artikelen tag-artikelen\">\n\t\t\t\t\t\t<div class=\"card grimlock-post__card post__card\">\n\t\t\n\t\t\t<div class=\"card-media\">\n\n\t\t\t\t\n\t\t\t\t\t\t<div class=\"card-floating\">\n\t\t\t\t\t\t\t\t\t\t\t\t\t<\/div>\n\n\t\t\t\t\t\t\t\t\t\t\t\t<div class=\"post-thumbnail\">\n\t\t\t\t\t\t\t<img decoding=\"async\" width=\"800\" height=\"600\" src=\"https:\/\/balencio.com\/wp-content\/uploads\/2026\/03\/Performance-en-management-800x600.png\" class=\"card-img wp-post-image\" alt=\"Performance en management\" \/>\t\t\t\t\t\t<\/div>\n\t\t\t\t\t\n\t\t\t<\/div><!-- .card-media -->\n\n\t\t\n\t\t<div class=\"card-body\">\n\t\t\t\t<header class=\"entry-header clearfix\">\n\t\t<h2 class=\"entry-title\"><a href=\"https:\/\/balencio.com\/nl\/prestaties-en-management-hefbomen-en-acties\/\" rel=\"bookmark\" >Prestaties en management : hefbomen en acties<\/a><\/h2>\t<\/header><!-- .entry-header -->\n\t\t\t\t<div class=\"entry-summary clearfix\">\n\t\t\t\t<p>Hoe evalueer en ontwikkel je de managementprestatie ? Ontdek de 6 kern\u00addimensies van management, de KPI\u2019s om op te volgen, de 360\u00b0-evaluatie en 8 concrete hefbomen om de prestaties van teams te verbeteren. <\/p>\n\t\t\t<\/div><!-- .entry-summary -->\n\t\t\t\t<div class=\"byline author\">\n\t\t\t<a href=\"https:\/\/balencio.com\/nl\/author\/marketing\/\">\n\t\t\t\t<span class=\"author-avatar\"><img alt='Caroline Iweins' src='https:\/\/secure.gravatar.com\/avatar\/c44293183b2151a3fca831cda0ad29ac55754736b1aab68d1c67822cb3f8e005?s=32&#038;d=mm&#038;r=g' srcset='https:\/\/secure.gravatar.com\/avatar\/c44293183b2151a3fca831cda0ad29ac55754736b1aab68d1c67822cb3f8e005?s=64&#038;d=mm&#038;r=g 2x' class='avatar avatar-32 photo rounded-circle' height='32' width='32' \/><\/span>\n\t\t\t\t<div>\n\t\t\t\t\t<div class=\"author-vcard vcard\">Caroline Iweins<\/div>\n\t\t\t\t\t<div class=\"author-function\">Head of Research &#038; Development<\/div>\n\t\t\t\t<\/div>\n\t\t\t<\/a>\n\t\t<\/div>\n\t\t\t<footer class=\"entry-footer clearfix\">\n\t\t\t<div class=\"post-date posted-on\"><span class=\"posted-on-label d-none\">Posted on <\/span><span><time class=\"entry-date published\" datetime=\"2026-03-23T10:10:00+01:00\">23 maart 2026<\/time><time class=\"updated\" datetime=\"2026-04-23T16:31:05+02:00\">23 april 2026<\/time><\/span><\/div>\t\t<\/footer><!-- .entry-footer -->\n\t\t\t<\/div><!-- .card-body -->\n\n\t\t\t<\/div><!-- .card -->\n\t\t\t\t\t<\/article><!-- #post-## -->\n\n\t\t\t\n\t\t\t\t<article id=\"post-69f063f19b02c\" class=\"swiper-slide post-8758 post type-post status-publish format-standard has-post-thumbnail hentry category-artikelen tag-artikelen\">\n\t\t\t\t\t\t<div class=\"card grimlock-post__card post__card\">\n\t\t\n\t\t\t<div class=\"card-media\">\n\n\t\t\t\t\n\t\t\t\t\t\t<div class=\"card-floating\">\n\t\t\t\t\t\t\t\t\t\t\t\t\t<\/div>\n\n\t\t\t\t\t\t\t\t\t\t\t\t<div class=\"post-thumbnail\">\n\t\t\t\t\t\t\t<img decoding=\"async\" width=\"800\" height=\"600\" src=\"https:\/\/balencio.com\/wp-content\/uploads\/2025\/12\/QVT-800x600.png\" class=\"card-img wp-post-image\" alt=\"questionnaire QVT\" \/>\t\t\t\t\t\t<\/div>\n\t\t\t\t\t\n\t\t\t<\/div><!-- .card-media -->\n\n\t\t\n\t\t<div class=\"card-body\">\n\t\t\t\t<header class=\"entry-header clearfix\">\n\t\t<h2 class=\"entry-title\"><a href=\"https:\/\/balencio.com\/nl\/qvt-vragenlijst-een-strategisch-instrument-om-welzijn-en-prestaties-op-het-werk-te-versterken\/\" rel=\"bookmark\" >QVT-vragenlijst : een strategisch instrument om welzijn en prestaties op het werk te versterken<\/a><\/h2>\t<\/header><!-- .entry-header -->\n\t\t\t\t<div class=\"entry-summary clearfix\">\n\t\t\t\t<p>De QVT-vragenlijst is een strategisch instrument om het welzijn op het werk, het sociale klimaat en de betrokkenheid van teams te meten. Door de kwaliteit van het werkleven te evalueren aan de hand van betrouwbare indicatoren, maakt het mogelijk om psychosociale risico\u2019s te identificeren, HR-acties gericht te sturen en zowel de prestaties als de aantrekkelijkheid van de organisatie te versterken. <\/p>\n\t\t\t<\/div><!-- .entry-summary -->\n\t\t\t\t<div class=\"byline author\">\n\t\t\t<a href=\"https:\/\/balencio.com\/nl\/author\/marketing\/\">\n\t\t\t\t<span class=\"author-avatar\"><img alt='Caroline Iweins' src='https:\/\/secure.gravatar.com\/avatar\/c44293183b2151a3fca831cda0ad29ac55754736b1aab68d1c67822cb3f8e005?s=32&#038;d=mm&#038;r=g' srcset='https:\/\/secure.gravatar.com\/avatar\/c44293183b2151a3fca831cda0ad29ac55754736b1aab68d1c67822cb3f8e005?s=64&#038;d=mm&#038;r=g 2x' class='avatar avatar-32 photo rounded-circle' height='32' width='32' \/><\/span>\n\t\t\t\t<div>\n\t\t\t\t\t<div class=\"author-vcard vcard\">Caroline Iweins<\/div>\n\t\t\t\t\t<div class=\"author-function\">Head of Research &#038; Development<\/div>\n\t\t\t\t<\/div>\n\t\t\t<\/a>\n\t\t<\/div>\n\t\t\t<footer class=\"entry-footer clearfix\">\n\t\t\t<div class=\"post-date posted-on\"><span class=\"posted-on-label d-none\">Posted on <\/span><span><time class=\"entry-date published\" datetime=\"2026-03-23T10:00:00+01:00\">23 maart 2026<\/time><time class=\"updated\" datetime=\"2026-04-24T16:51:44+02:00\">24 april 2026<\/time><\/span><\/div>\t\t<\/footer><!-- .entry-footer -->\n\t\t\t<\/div><!-- .card-body -->\n\n\t\t\t<\/div><!-- .card -->\n\t\t\t\t\t<\/article><!-- #post-## -->\n\n\t\t\t\n\t\t\t\t\t<\/div><!-- .swiper-wrapper -->\n\n\t\t\t\t\n\t\t\t\t\t<div class=\"swiper-pagination\"><\/div><!-- swiper-pagination -->\n\n\t\t\t\t\n\t\t\t<\/div><!-- .swiper-container -->\n\n\n\t\t\t\n\t\t\t\t<div class=\"swiper-button-prev\"><\/div>\n\t\t\t\t<div class=\"swiper-button-next\"><\/div>\n\n\t\t\t\n\t\t\t<\/div><!-- .grimlock-region -->\n\t\t<\/div><\/div>\n\n\n\n<div class=\"wp-block-grimlock-wrapper alignfull\" style=\"--grimlock-wrapper-padding-top:4rem;--grimlock-wrapper-padding-bottom:8rem;--grimlock-wrapper-border-top:0 solid #00000000;--grimlock-wrapper-border-bottom:0 solid #00000000;--grimlock-wrapper-border-left:0 solid #00000000;--grimlock-wrapper-border-right:0 solid #00000000\"><div class=\"wp-block-grimlock-wrapper__bg\"><\/div><div class=\"wp-block-grimlock-wrapper__bg-overlay\"><\/div><div class=\"wp-block-grimlock-wrapper__inner\"><h2 class=\"wp-block-heading decoration-line--left decoration--color-warning-400\" data-aos=\"fade\" data-aos-duration=\"750\" data-aos-easing=\"ease-in-out\" data-aos-once=\"true\" id=\"ze-hebben-het-over-balencio\">Ze hebben het over Balencio<\/h2>\n\n\n<div class=\"wp-block-columns is-not-stacked-on-mobile grimlock-columns-tablet-2 grimlock-columns-mobile-1 grimlock-columns-desktop-3 is-layout-flex wp-container-core-columns-is-layout-9d6595d7 wp-block-columns-is-layout-flex\" data-aos=\"fade-up\" data-aos-duration=\"750\" data-aos-easing=\"ease-in-out\" data-aos-once=\"true\">\n<div class=\"wp-block-column is-layout-flow wp-block-column-is-layout-flow\">\n<div class=\"wp-block-grimlock-wrapper  wp-block-grimlock-wrapper--inner-full box--shadowed h-100\" style=\"--grimlock-wrapper-background-color:#ffffff;--grimlock-wrapper-margin-top:0rem;--grimlock-wrapper-margin-bottom:0rem;--grimlock-wrapper-padding-top:0rem;--grimlock-wrapper-padding-right:0rem;--grimlock-wrapper-padding-bottom:0rem;--grimlock-wrapper-padding-left:0rem;--grimlock-wrapper-border-top:1px solid #EAECEF;--grimlock-wrapper-border-bottom:1px solid #EAECEF;--grimlock-wrapper-border-left:1px solid #EAECEF;--grimlock-wrapper-border-right:1px solid #EAECEF;--grimlock-wrapper-border-top-left-radius:24px;--grimlock-wrapper-border-top-right-radius:0px;--grimlock-wrapper-border-bottom-left-radius:24px;--grimlock-wrapper-border-bottom-right-radius:24px;--grimlock-wrapper-overflow:visible\"><div class=\"wp-block-grimlock-wrapper__bg\"><\/div><div class=\"wp-block-grimlock-wrapper__bg-overlay\"><\/div><div class=\"wp-block-grimlock-wrapper__inner\">\n<div class=\"wp-block-grimlock-wrapper  wp-block-grimlock-wrapper--inner-full\" style=\"--grimlock-wrapper-padding-top:4rem;--grimlock-wrapper-padding-right:4rem;--grimlock-wrapper-padding-bottom:4rem;--grimlock-wrapper-padding-left:4rem;--grimlock-wrapper-border-top:0 solid #00000000;--grimlock-wrapper-border-bottom:1px solid #EAECEF;--grimlock-wrapper-border-left:0 solid #00000000;--grimlock-wrapper-border-right:0 solid #00000000\"><div class=\"wp-block-grimlock-wrapper__bg\"><\/div><div class=\"wp-block-grimlock-wrapper__bg-overlay\"><\/div><div class=\"wp-block-grimlock-wrapper__inner\">\n<figure class=\"wp-block-image size-full\"><a href=\"https:\/\/www.lecho.be\/dossiers\/travail-et-covid\/la-crise-du-covid-pese-sur-la-motivation-au-travail\/10296879\" target=\"_blank\" rel=\"noreferrer noopener\"><img decoding=\"async\" width=\"225\" height=\"225\" src=\"https:\/\/balencio.com\/wp-content\/uploads\/2023\/09\/revue-presse-balencio-l-echo.png\" alt=\"Vermelding van Balencio in de Belgische economische en financi\u00eble krant L'Echo.\" class=\"wp-image-4181\" srcset=\"https:\/\/balencio.com\/wp-content\/uploads\/2023\/09\/revue-presse-balencio-l-echo.png 225w, https:\/\/balencio.com\/wp-content\/uploads\/2023\/09\/revue-presse-balencio-l-echo-150x150.png 150w\" sizes=\"(max-width: 225px) 100vw, 225px\" \/><\/a><\/figure>\n<\/div><\/div>\n\n\n\n<div class=\"wp-block-grimlock-wrapper  wp-block-grimlock-wrapper--inner-full\" style=\"--grimlock-wrapper-padding-top:1.75rem;--grimlock-wrapper-padding-right:1.75rem;--grimlock-wrapper-padding-bottom:1.75rem;--grimlock-wrapper-padding-left:1.75rem;--grimlock-wrapper-border-top:0 solid #00000000;--grimlock-wrapper-border-bottom:0 solid #00000000;--grimlock-wrapper-border-left:0 solid #00000000;--grimlock-wrapper-border-right:0 solid #00000000\"><div class=\"wp-block-grimlock-wrapper__bg\"><\/div><div class=\"wp-block-grimlock-wrapper__bg-overlay\"><\/div><div class=\"wp-block-grimlock-wrapper__inner\">\n<p class=\"has-balencio-grey-600-color has-text-color\" style=\"font-style:normal;font-weight:500\">9 april 2021<\/p>\n\n\n\n<p style=\"font-style:italic;font-weight:400\"><a href=\"https:\/\/www.lecho.be\/dossiers\/travail-et-covid\/la-crise-du-covid-pese-sur-la-motivation-au-travail\/10296879\" target=\"_blank\" rel=\"noreferrer noopener\">La crise du Covid p\u00e8se sur la motivation au travail<\/a><\/p>\n<\/div><\/div>\n<\/div><\/div>\n<\/div>\n\n\n\n<div class=\"wp-block-column is-layout-flow wp-block-column-is-layout-flow\">\n<div class=\"wp-block-grimlock-wrapper  wp-block-grimlock-wrapper--inner-full box--shadowed h-100\" style=\"--grimlock-wrapper-background-color:#ffffff;--grimlock-wrapper-margin-top:0rem;--grimlock-wrapper-margin-bottom:0rem;--grimlock-wrapper-padding-top:0rem;--grimlock-wrapper-padding-right:0rem;--grimlock-wrapper-padding-bottom:0rem;--grimlock-wrapper-padding-left:0rem;--grimlock-wrapper-border-top:1px solid #EAECEF;--grimlock-wrapper-border-bottom:1px solid #EAECEF;--grimlock-wrapper-border-left:1px solid #EAECEF;--grimlock-wrapper-border-right:1px solid #EAECEF;--grimlock-wrapper-border-top-left-radius:24px;--grimlock-wrapper-border-top-right-radius:0px;--grimlock-wrapper-border-bottom-left-radius:24px;--grimlock-wrapper-border-bottom-right-radius:24px;--grimlock-wrapper-overflow:visible\"><div class=\"wp-block-grimlock-wrapper__bg\"><\/div><div class=\"wp-block-grimlock-wrapper__bg-overlay\"><\/div><div class=\"wp-block-grimlock-wrapper__inner\">\n<div class=\"wp-block-grimlock-wrapper  wp-block-grimlock-wrapper--inner-full\" style=\"--grimlock-wrapper-padding-top:4rem;--grimlock-wrapper-padding-right:4rem;--grimlock-wrapper-padding-bottom:4rem;--grimlock-wrapper-padding-left:4rem;--grimlock-wrapper-border-top:0 solid #00000000;--grimlock-wrapper-border-bottom:1px solid #EAECEF;--grimlock-wrapper-border-left:0 solid #00000000;--grimlock-wrapper-border-right:0 solid #00000000\"><div class=\"wp-block-grimlock-wrapper__bg\"><\/div><div class=\"wp-block-grimlock-wrapper__bg-overlay\"><\/div><div class=\"wp-block-grimlock-wrapper__inner\">\n<figure class=\"wp-block-image size-full\"><a href=\"https:\/\/www.lecho.be\/dossiers\/travail-et-covid\/travail-et-covid-testez-vous-et-faites-le-point\/10293664\" target=\"_blank\" rel=\"noreferrer noopener\"><img decoding=\"async\" width=\"225\" height=\"225\" src=\"https:\/\/balencio.com\/wp-content\/uploads\/2023\/09\/revue-presse-balencio-l-echo.png\" alt=\"Vermelding van Balencio in de Belgische economische en financi\u00eble krant L'Echo.\" class=\"wp-image-4181\" style=\"object-fit:cover\" srcset=\"https:\/\/balencio.com\/wp-content\/uploads\/2023\/09\/revue-presse-balencio-l-echo.png 225w, https:\/\/balencio.com\/wp-content\/uploads\/2023\/09\/revue-presse-balencio-l-echo-150x150.png 150w\" sizes=\"(max-width: 225px) 100vw, 225px\" \/><\/a><\/figure>\n<\/div><\/div>\n\n\n\n<div class=\"wp-block-grimlock-wrapper  wp-block-grimlock-wrapper--inner-full\" style=\"--grimlock-wrapper-padding-top:1.75rem;--grimlock-wrapper-padding-right:1.75rem;--grimlock-wrapper-padding-bottom:1.75rem;--grimlock-wrapper-padding-left:1.75rem;--grimlock-wrapper-border-top:0 solid #00000000;--grimlock-wrapper-border-bottom:0 solid #00000000;--grimlock-wrapper-border-left:0 solid #00000000;--grimlock-wrapper-border-right:0 solid #00000000\"><div class=\"wp-block-grimlock-wrapper__bg\"><\/div><div class=\"wp-block-grimlock-wrapper__bg-overlay\"><\/div><div class=\"wp-block-grimlock-wrapper__inner\">\n<p class=\"has-balencio-grey-600-color has-text-color\" style=\"font-style:normal;font-weight:500\">31 maart 2021<\/p>\n\n\n\n<p style=\"font-style:italic;font-weight:400\"><a href=\"https:\/\/www.lecho.be\/dossiers\/travail-et-covid\/travail-et-covid-testez-vous-et-faites-le-point\/10293664\" target=\"_blank\" rel=\"noreferrer noopener\">Travail et Covid : testez-vous et faites le point<\/a><\/p>\n<\/div><\/div>\n<\/div><\/div>\n<\/div>\n\n\n\n<div class=\"wp-block-column is-layout-flow wp-block-column-is-layout-flow\">\n<div class=\"wp-block-grimlock-wrapper  wp-block-grimlock-wrapper--inner-full box--shadowed h-100\" style=\"--grimlock-wrapper-background-color:#ffffff;--grimlock-wrapper-margin-top:0rem;--grimlock-wrapper-margin-bottom:0rem;--grimlock-wrapper-padding-top:0rem;--grimlock-wrapper-padding-right:0rem;--grimlock-wrapper-padding-bottom:0rem;--grimlock-wrapper-padding-left:0rem;--grimlock-wrapper-border-top:1px solid #EAECEF;--grimlock-wrapper-border-bottom:1px solid #EAECEF;--grimlock-wrapper-border-left:1px solid #EAECEF;--grimlock-wrapper-border-right:1px solid #EAECEF;--grimlock-wrapper-border-top-left-radius:24px;--grimlock-wrapper-border-top-right-radius:0px;--grimlock-wrapper-border-bottom-left-radius:24px;--grimlock-wrapper-border-bottom-right-radius:24px;--grimlock-wrapper-overflow:visible\"><div class=\"wp-block-grimlock-wrapper__bg\"><\/div><div class=\"wp-block-grimlock-wrapper__bg-overlay\"><\/div><div class=\"wp-block-grimlock-wrapper__inner\">\n<div class=\"wp-block-grimlock-wrapper  wp-block-grimlock-wrapper--inner-full\" style=\"--grimlock-wrapper-padding-top:4rem;--grimlock-wrapper-padding-right:4rem;--grimlock-wrapper-padding-bottom:4rem;--grimlock-wrapper-padding-left:4rem;--grimlock-wrapper-border-top:0 solid #00000000;--grimlock-wrapper-border-bottom:1px solid #EAECEF;--grimlock-wrapper-border-left:0 solid #00000000;--grimlock-wrapper-border-right:0 solid #00000000\"><div class=\"wp-block-grimlock-wrapper__bg\"><\/div><div class=\"wp-block-grimlock-wrapper__bg-overlay\"><\/div><div class=\"wp-block-grimlock-wrapper__inner\">\n<figure class=\"wp-block-image size-full\"><a href=\"https:\/\/www.lecho.be\/dossiers\/travail-et-covid\/les-travailleurs-epuises-mentalement-et-physiquement-par-le-covid\/10293586\" target=\"_blank\" rel=\"noreferrer noopener\"><img decoding=\"async\" width=\"225\" height=\"225\" src=\"https:\/\/balencio.com\/wp-content\/uploads\/2023\/09\/revue-presse-balencio-l-echo.png\" alt=\"Vermelding van Balencio in de Belgische economische en financi\u00eble krant L'Echo.\" class=\"wp-image-4181\" srcset=\"https:\/\/balencio.com\/wp-content\/uploads\/2023\/09\/revue-presse-balencio-l-echo.png 225w, https:\/\/balencio.com\/wp-content\/uploads\/2023\/09\/revue-presse-balencio-l-echo-150x150.png 150w\" sizes=\"(max-width: 225px) 100vw, 225px\" \/><\/a><\/figure>\n<\/div><\/div>\n\n\n\n<div class=\"wp-block-grimlock-wrapper  wp-block-grimlock-wrapper--inner-full\" style=\"--grimlock-wrapper-padding-top:1.75rem;--grimlock-wrapper-padding-right:1.75rem;--grimlock-wrapper-padding-bottom:1.75rem;--grimlock-wrapper-padding-left:1.75rem;--grimlock-wrapper-border-top:0 solid #00000000;--grimlock-wrapper-border-bottom:0 solid #00000000;--grimlock-wrapper-border-left:0 solid #00000000;--grimlock-wrapper-border-right:0 solid #00000000\"><div class=\"wp-block-grimlock-wrapper__bg\"><\/div><div class=\"wp-block-grimlock-wrapper__bg-overlay\"><\/div><div class=\"wp-block-grimlock-wrapper__inner\">\n<p class=\"has-balencio-grey-600-color has-text-color\" style=\"font-style:normal;font-weight:500\">29 maart 2021<\/p>\n\n\n\n<p style=\"font-style:italic;font-weight:400\"><a href=\"https:\/\/www.lecho.be\/dossiers\/travail-et-covid\/les-travailleurs-epuises-mentalement-et-physiquement-par-le-covid\/10293586\" target=\"_blank\" rel=\"noreferrer noopener\">Les travailleurs \u00e9puis\u00e9s mentalement et physiquement par le Covid<\/a><\/p>\n<\/div><\/div>\n<\/div><\/div>\n<\/div>\n\n\n\n<div class=\"wp-block-column is-layout-flow wp-block-column-is-layout-flow\">\n<div class=\"wp-block-grimlock-wrapper  wp-block-grimlock-wrapper--inner-full box--shadowed h-100\" style=\"--grimlock-wrapper-background-color:#ffffff;--grimlock-wrapper-margin-top:0rem;--grimlock-wrapper-margin-bottom:0rem;--grimlock-wrapper-padding-top:0rem;--grimlock-wrapper-padding-right:0rem;--grimlock-wrapper-padding-bottom:0rem;--grimlock-wrapper-padding-left:0rem;--grimlock-wrapper-border-top:1px solid #EAECEF;--grimlock-wrapper-border-bottom:1px solid #EAECEF;--grimlock-wrapper-border-left:1px solid #EAECEF;--grimlock-wrapper-border-right:1px solid #EAECEF;--grimlock-wrapper-border-top-left-radius:24px;--grimlock-wrapper-border-top-right-radius:0px;--grimlock-wrapper-border-bottom-left-radius:24px;--grimlock-wrapper-border-bottom-right-radius:24px;--grimlock-wrapper-overflow:visible\"><div class=\"wp-block-grimlock-wrapper__bg\"><\/div><div class=\"wp-block-grimlock-wrapper__bg-overlay\"><\/div><div class=\"wp-block-grimlock-wrapper__inner\">\n<div class=\"wp-block-grimlock-wrapper  wp-block-grimlock-wrapper--inner-full\" style=\"--grimlock-wrapper-padding-top:4rem;--grimlock-wrapper-padding-right:4rem;--grimlock-wrapper-padding-bottom:4rem;--grimlock-wrapper-padding-left:4rem;--grimlock-wrapper-border-top:0 solid #00000000;--grimlock-wrapper-border-bottom:1px solid #EAECEF;--grimlock-wrapper-border-left:0 solid #00000000;--grimlock-wrapper-border-right:0 solid #00000000\"><div class=\"wp-block-grimlock-wrapper__bg\"><\/div><div class=\"wp-block-grimlock-wrapper__bg-overlay\"><\/div><div class=\"wp-block-grimlock-wrapper__inner\">\n<figure class=\"wp-block-image size-full\"><a href=\"https:\/\/www.lecho.be\/economie-politique\/belgique\/general\/un-salarie-sur-cinq-est-en-risque-d-epuisement\/10180484.html  \" target=\"_blank\" rel=\"noreferrer noopener\"><img decoding=\"async\" width=\"225\" height=\"225\" src=\"https:\/\/balencio.com\/wp-content\/uploads\/2023\/09\/revue-presse-balencio-l-echo.png\" alt=\"Vermelding van Balencio in de Belgische economische en financi\u00eble krant L'Echo.\" class=\"wp-image-4181\" srcset=\"https:\/\/balencio.com\/wp-content\/uploads\/2023\/09\/revue-presse-balencio-l-echo.png 225w, https:\/\/balencio.com\/wp-content\/uploads\/2023\/09\/revue-presse-balencio-l-echo-150x150.png 150w\" sizes=\"(max-width: 225px) 100vw, 225px\" \/><\/a><\/figure>\n<\/div><\/div>\n\n\n\n<div class=\"wp-block-grimlock-wrapper  wp-block-grimlock-wrapper--inner-full\" style=\"--grimlock-wrapper-padding-top:1.75rem;--grimlock-wrapper-padding-right:1.75rem;--grimlock-wrapper-padding-bottom:1.75rem;--grimlock-wrapper-padding-left:1.75rem;--grimlock-wrapper-border-top:0 solid #00000000;--grimlock-wrapper-border-bottom:0 solid #00000000;--grimlock-wrapper-border-left:0 solid #00000000;--grimlock-wrapper-border-right:0 solid #00000000\"><div class=\"wp-block-grimlock-wrapper__bg\"><\/div><div class=\"wp-block-grimlock-wrapper__bg-overlay\"><\/div><div class=\"wp-block-grimlock-wrapper__inner\">\n<p class=\"has-balencio-grey-600-color has-text-color\" style=\"font-style:normal;font-weight:500\">14 november 2019<\/p>\n\n\n\n<p style=\"font-style:italic;font-weight:400\"><a href=\"https:\/\/www.lecho.be\/economie-politique\/belgique\/general\/un-salarie-sur-cinq-est-en-risque-d-epuisement\/10180484.html\">Un salari\u00e9 sur cinq est en risque d&#8217;\u00e9puisement<\/a><\/p>\n<\/div><\/div>\n<\/div><\/div>\n<\/div>\n\n\n\n<div class=\"wp-block-column is-layout-flow wp-block-column-is-layout-flow\">\n<div class=\"wp-block-grimlock-wrapper  wp-block-grimlock-wrapper--inner-full box--shadowed h-100\" style=\"--grimlock-wrapper-background-color:#ffffff;--grimlock-wrapper-margin-top:0rem;--grimlock-wrapper-margin-bottom:0rem;--grimlock-wrapper-padding-top:0rem;--grimlock-wrapper-padding-right:0rem;--grimlock-wrapper-padding-bottom:0rem;--grimlock-wrapper-padding-left:0rem;--grimlock-wrapper-border-top:1px solid #EAECEF;--grimlock-wrapper-border-bottom:1px solid #EAECEF;--grimlock-wrapper-border-left:1px solid #EAECEF;--grimlock-wrapper-border-right:1px solid #EAECEF;--grimlock-wrapper-border-top-left-radius:24px;--grimlock-wrapper-border-top-right-radius:0px;--grimlock-wrapper-border-bottom-left-radius:24px;--grimlock-wrapper-border-bottom-right-radius:24px;--grimlock-wrapper-overflow:visible\"><div class=\"wp-block-grimlock-wrapper__bg\"><\/div><div class=\"wp-block-grimlock-wrapper__bg-overlay\"><\/div><div class=\"wp-block-grimlock-wrapper__inner\">\n<div class=\"wp-block-grimlock-wrapper  wp-block-grimlock-wrapper--inner-full\" style=\"--grimlock-wrapper-padding-top:4rem;--grimlock-wrapper-padding-right:4rem;--grimlock-wrapper-padding-bottom:4rem;--grimlock-wrapper-padding-left:4rem;--grimlock-wrapper-border-top:0 solid #00000000;--grimlock-wrapper-border-bottom:1px solid #EAECEF;--grimlock-wrapper-border-left:0 solid #00000000;--grimlock-wrapper-border-right:0 solid #00000000\"><div class=\"wp-block-grimlock-wrapper__bg\"><\/div><div class=\"wp-block-grimlock-wrapper__bg-overlay\"><\/div><div class=\"wp-block-grimlock-wrapper__inner\">\n<figure class=\"wp-block-image size-full\"><img decoding=\"async\" width=\"225\" height=\"225\" src=\"https:\/\/balencio.com\/wp-content\/uploads\/2023\/09\/revue-presse-balencio-l-echo.png\" alt=\"Vermelding van Balencio in de Belgische economische en financi\u00eble krant L'Echo.\" class=\"wp-image-4181\" srcset=\"https:\/\/balencio.com\/wp-content\/uploads\/2023\/09\/revue-presse-balencio-l-echo.png 225w, https:\/\/balencio.com\/wp-content\/uploads\/2023\/09\/revue-presse-balencio-l-echo-150x150.png 150w\" sizes=\"(max-width: 225px) 100vw, 225px\" \/><\/figure>\n<\/div><\/div>\n\n\n\n<div class=\"wp-block-grimlock-wrapper  wp-block-grimlock-wrapper--inner-full\" style=\"--grimlock-wrapper-padding-top:1.75rem;--grimlock-wrapper-padding-right:1.75rem;--grimlock-wrapper-padding-bottom:1.75rem;--grimlock-wrapper-padding-left:1.75rem;--grimlock-wrapper-border-top:0 solid #00000000;--grimlock-wrapper-border-bottom:0 solid #00000000;--grimlock-wrapper-border-left:0 solid #00000000;--grimlock-wrapper-border-right:0 solid #00000000\"><div class=\"wp-block-grimlock-wrapper__bg\"><\/div><div class=\"wp-block-grimlock-wrapper__bg-overlay\"><\/div><div class=\"wp-block-grimlock-wrapper__inner\">\n<p class=\"has-balencio-grey-600-color has-text-color\" style=\"font-style:normal;font-weight:500\">8 november 2019<\/p>\n\n\n\n<p style=\"font-style:italic;font-weight:400\"><a href=\"https:\/\/www.lecho.be\/dossiers\/barometre-de-l-epuisement\/comment-reconnaitre-symptomes-burnout.html\" target=\"_blank\" rel=\"noreferrer noopener\">\u201c\u00c7a va, toi? T\u2019as l\u2019air crev\u00e9.\u201d L\u2019histoire d\u2019Olivier, un quadra qui fr\u00f4le le burn-out<\/a><\/p>\n<\/div><\/div>\n<\/div><\/div>\n<\/div>\n\n\n\n<div class=\"wp-block-column is-layout-flow wp-block-column-is-layout-flow\">\n<div class=\"wp-block-grimlock-wrapper  wp-block-grimlock-wrapper--inner-full box--shadowed h-100\" style=\"--grimlock-wrapper-background-color:#ffffff;--grimlock-wrapper-margin-top:0rem;--grimlock-wrapper-margin-bottom:0rem;--grimlock-wrapper-padding-top:0rem;--grimlock-wrapper-padding-right:0rem;--grimlock-wrapper-padding-bottom:0rem;--grimlock-wrapper-padding-left:0rem;--grimlock-wrapper-border-top:1px solid #EAECEF;--grimlock-wrapper-border-bottom:1px solid #EAECEF;--grimlock-wrapper-border-left:1px solid #EAECEF;--grimlock-wrapper-border-right:1px solid #EAECEF;--grimlock-wrapper-border-top-left-radius:24px;--grimlock-wrapper-border-top-right-radius:0px;--grimlock-wrapper-border-bottom-left-radius:24px;--grimlock-wrapper-border-bottom-right-radius:24px;--grimlock-wrapper-overflow:visible\"><div class=\"wp-block-grimlock-wrapper__bg\"><\/div><div class=\"wp-block-grimlock-wrapper__bg-overlay\"><\/div><div class=\"wp-block-grimlock-wrapper__inner\">\n<div class=\"wp-block-grimlock-wrapper  wp-block-grimlock-wrapper--inner-full\" style=\"--grimlock-wrapper-padding-top:4rem;--grimlock-wrapper-padding-right:4rem;--grimlock-wrapper-padding-bottom:4rem;--grimlock-wrapper-padding-left:4rem;--grimlock-wrapper-border-top:0 solid #00000000;--grimlock-wrapper-border-bottom:1px solid #EAECEF;--grimlock-wrapper-border-left:0 solid #00000000;--grimlock-wrapper-border-right:0 solid #00000000\"><div class=\"wp-block-grimlock-wrapper__bg\"><\/div><div class=\"wp-block-grimlock-wrapper__bg-overlay\"><\/div><div class=\"wp-block-grimlock-wrapper__inner\">\n<figure class=\"wp-block-image size-full\"><a href=\"https:\/\/www.lecho.be\/actualite\/archive\/Personne-n-est-a-bloc-pendant-45-ans-il-faut-apprendre-a-se-preserver\/10088305\" target=\"_blank\" rel=\"noreferrer noopener\"><img decoding=\"async\" width=\"225\" height=\"225\" src=\"https:\/\/balencio.com\/wp-content\/uploads\/2023\/09\/revue-presse-balencio-l-echo.png\" alt=\"Vermelding van Balencio in de Belgische economische en financi\u00eble krant L'Echo.\" class=\"wp-image-4181\" srcset=\"https:\/\/balencio.com\/wp-content\/uploads\/2023\/09\/revue-presse-balencio-l-echo.png 225w, https:\/\/balencio.com\/wp-content\/uploads\/2023\/09\/revue-presse-balencio-l-echo-150x150.png 150w\" sizes=\"(max-width: 225px) 100vw, 225px\" \/><\/a><\/figure>\n<\/div><\/div>\n\n\n\n<div class=\"wp-block-grimlock-wrapper  wp-block-grimlock-wrapper--inner-full\" style=\"--grimlock-wrapper-padding-top:1.75rem;--grimlock-wrapper-padding-right:1.75rem;--grimlock-wrapper-padding-bottom:1.75rem;--grimlock-wrapper-padding-left:1.75rem;--grimlock-wrapper-border-top:0 solid #00000000;--grimlock-wrapper-border-bottom:0 solid #00000000;--grimlock-wrapper-border-left:0 solid #00000000;--grimlock-wrapper-border-right:0 solid #00000000\"><div class=\"wp-block-grimlock-wrapper__bg\"><\/div><div class=\"wp-block-grimlock-wrapper__bg-overlay\"><\/div><div class=\"wp-block-grimlock-wrapper__inner\">\n<p class=\"has-balencio-grey-600-color has-text-color\" style=\"font-style:normal;font-weight:500\">18 januari 2019<\/p>\n\n\n\n<p style=\"font-style:italic;font-weight:400\"><a href=\"https:\/\/www.lecho.be\/actualite\/archive\/Personne-n-est-a-bloc-pendant-45-ans-il-faut-apprendre-a-se-preserver\/10088305\" target=\"_blank\" rel=\"noreferrer noopener\">&#8220;Personne n&#8217;est \u00e0 bloc pendant 45 ans, il faut apprendre \u00e0 se pr\u00e9server&#8221;<\/a><\/p>\n<\/div><\/div>\n<\/div><\/div>\n<\/div>\n<\/div>\n<\/div><\/div>\n\n\n\n<div class=\"wp-block-grimlock-wrapper alignfull bg--dotted-top-left\" style=\"--grimlock-wrapper-padding-top:6vw;--grimlock-wrapper-padding-right:0rem;--grimlock-wrapper-padding-bottom:6vw;--grimlock-wrapper-padding-left:0rem;--grimlock-wrapper-border-top:0 solid #00000000;--grimlock-wrapper-border-bottom:0 solid #00000000;--grimlock-wrapper-border-left:0 solid #00000000;--grimlock-wrapper-border-right:0 solid #00000000;--grimlock-wrapper-overflow:visible\"><div class=\"wp-block-grimlock-wrapper__bg\"><\/div><div class=\"wp-block-grimlock-wrapper__bg-overlay\"><\/div><div class=\"wp-block-grimlock-wrapper__inner\">\n<figure class=\"wp-block-image size-large is-resized floating--left\"><img decoding=\"async\" src=\"https:\/\/balencio.com\/wp-content\/uploads\/2023\/07\/plane-orange-2.svg\" alt=\"Illustratie van een oranje pijl in de vorm van een papieren vliegtuig met een gestippeld traject.\" class=\"wp-image-1487\" style=\"width:300px;height:undefinedpx\"\/><\/figure>\n\n\n\n<div class=\"wp-block-grimlock-wrapper\" style=\"--grimlock-wrapper-background-color:#F8F9FA;--grimlock-wrapper-padding-top:3rem;--grimlock-wrapper-padding-bottom:4rem;--grimlock-wrapper-border-top:0 solid #00000000;--grimlock-wrapper-border-bottom:0 solid #00000000;--grimlock-wrapper-border-left:0 solid #00000000;--grimlock-wrapper-border-right:0 solid #00000000;--grimlock-wrapper-border-top-left-radius:8px;--grimlock-wrapper-border-top-right-radius:8px;--grimlock-wrapper-border-bottom-left-radius:8px;--grimlock-wrapper-border-bottom-right-radius:8px;--grimlock-wrapper-overflow:visible\" data-aos=\"fade-up\" data-aos-duration=\"750\" data-aos-easing=\"ease-in-out\" data-aos-once=\"true\"><div class=\"wp-block-grimlock-wrapper__bg\"><\/div><div class=\"wp-block-grimlock-wrapper__bg-overlay\"><\/div><div class=\"wp-block-grimlock-wrapper__inner\">\n<div class=\"wp-block-columns are-vertically-aligned-center is-not-stacked-on-mobile grimlock-columns-mobile-1 is-layout-flex wp-container-core-columns-is-layout-9d6595d7 wp-block-columns-is-layout-flex\">\n<div class=\"wp-block-column is-vertically-aligned-center is-layout-flow wp-block-column-is-layout-flow\">\n<figure class=\"wp-block-image size-full overflow--top overflow--bottom is-style-shadow\"><img decoding=\"async\" width=\"1010\" height=\"972\" src=\"https:\/\/balencio.com\/wp-content\/uploads\/2023\/07\/Creative-team-rafiki-1.png\" alt=\"Illustratie met een samenwerkingswerk rond een grote gloeilamp waar meerdere personages tegelijkertijd ingrijpen om collectieve creativiteit, gemeenschappelijke reflectie en de ontwikkeling van innovatieve idee\u00ebn te symboliseren\" class=\"wp-image-1632\" srcset=\"https:\/\/balencio.com\/wp-content\/uploads\/2023\/07\/Creative-team-rafiki-1.png 1010w, https:\/\/balencio.com\/wp-content\/uploads\/2023\/07\/Creative-team-rafiki-1-300x289.png 300w, https:\/\/balencio.com\/wp-content\/uploads\/2023\/07\/Creative-team-rafiki-1-768x739.png 768w\" sizes=\"(max-width: 1010px) 100vw, 1010px\" \/><\/figure>\n<\/div>\n\n\n\n<div class=\"wp-block-column is-vertically-aligned-center is-layout-flow wp-block-column-is-layout-flow\"><h2 class=\"wp-block-heading has-text-align-left decoration-line--left has-balencio-warning-400-color has-text-color\" id=\"over-balencio\">Over Balencio<\/h2>\n\n\n<p class=\"has-text-bigger-font-size\">Balencio helpt werkgevers om de verwachtingen en gevoelens van hun medewerkers beter te begrijpen en zo de juiste HR-beslissingen te nemen. Balencio werd in 2016 opgericht als spin-off van de UCLouvain (Belgi\u00eb) en heeft al bijna 200 organisaties van alle groottes in heel Europa ondersteund bij hun welzijns- en werktevredenheidsprojecten.<\/p>\n<\/div>\n<\/div>\n<\/div><\/div>\n<\/div><\/div>\n\n\n\n<div class=\"wp-block-grimlock-wrapper  wp-block-grimlock-wrapper--inner-full\" style=\"--grimlock-wrapper-text-color:#ffffff;--grimlock-wrapper-headings-color:#ffffff;--grimlock-wrapper-background-color:linear-gradient(288deg,rgb(148,160,255) 0%,rgb(83,96,191) 100%);--grimlock-wrapper-margin-top:8rem;--grimlock-wrapper-margin-bottom:8rem;--grimlock-wrapper-padding-top:4vw;--grimlock-wrapper-padding-right:4vw;--grimlock-wrapper-padding-bottom:4vw;--grimlock-wrapper-padding-left:4vw;--grimlock-wrapper-border-top:0 solid #00000000;--grimlock-wrapper-border-bottom:0 solid #00000000;--grimlock-wrapper-border-left:0 solid #00000000;--grimlock-wrapper-border-right:0 solid #00000000;--grimlock-wrapper-border-top-left-radius:40px;--grimlock-wrapper-border-top-right-radius:0px;--grimlock-wrapper-border-bottom-left-radius:40px;--grimlock-wrapper-border-bottom-right-radius:40px\" data-aos=\"fade-up\" data-aos-duration=\"750\" data-aos-easing=\"ease-in-out\" data-aos-once=\"true\"><div class=\"wp-block-grimlock-wrapper__bg\"><\/div><div class=\"wp-block-grimlock-wrapper__bg-overlay\"><\/div><div class=\"wp-block-grimlock-wrapper__inner\">\n<h2 class=\"wp-block-heading has-text-align-center decoration-lines--right decoration--color-warning-400\"><mark style=\"background-color:#FFC078\" class=\"has-inline-color\">Media kit<\/mark><\/h2>\n\n\n\n<p class=\"has-text-align-center has-text-bigger-font-size\" style=\"font-style:normal;font-weight:400\">Download onze nuttige bronnen voor journalisten (merkidentiteit, logo&#8217;s, foto&#8217;s&#8230;).<\/p>\n\n\n\n<div style=\"height:1rem\" aria-hidden=\"true\" class=\"wp-block-spacer\"><\/div>\n\n\n\n<div class=\"wp-block-buttons is-content-justification-center is-layout-flex wp-container-core-buttons-is-layout-16018d1d wp-block-buttons-is-layout-flex\">\n<div class=\"wp-block-button\"><a class=\"wp-block-button__link has-text-align-left wp-element-button\">Downloaden<\/a><\/div>\n<\/div>\n<\/div><\/div>\n","protected":false},"excerpt":{"rendered":"","protected":false},"author":3,"featured_media":0,"parent":0,"menu_order":0,"comment_status":"closed","ping_status":"closed","template":"template-full-width-no-header.php","meta":{"_acf_changed":false,"inline_featured_image":false,"footnotes":""},"class_list":["post-3377","page","type-page","status-publish","hentry"],"acf":[],"yoast_head":"<!-- This site is optimized with the Yoast SEO plugin v27.3 - https:\/\/yoast.com\/product\/yoast-seo-wordpress\/ -->\n<title>Pers Balencio : al ons nieuws<\/title>\n<meta name=\"description\" content=\"Bekijk het laatste nieuws van Balencio, onze vermeldingen in de pers en download onze mediakit.\" \/>\n<meta name=\"robots\" content=\"index, follow, max-snippet:-1, max-image-preview:large, max-video-preview:-1\" \/>\n<link rel=\"canonical\" href=\"https:\/\/balencio.com\/nl\/pers\/\" \/>\n<meta property=\"og:locale\" content=\"nl_NL\" \/>\n<meta property=\"og:type\" content=\"article\" \/>\n<meta property=\"og:title\" content=\"Pers Balencio : al ons nieuws\" \/>\n<meta property=\"og:description\" content=\"Bekijk het laatste nieuws van Balencio, onze vermeldingen in de pers en download onze mediakit.\" \/>\n<meta property=\"og:url\" content=\"https:\/\/balencio.com\/nl\/pers\/\" \/>\n<meta property=\"og:site_name\" content=\"Balencio\" \/>\n<meta property=\"article:modified_time\" content=\"2026-04-14T08:55:19+00:00\" \/>\n<meta property=\"og:image\" content=\"https:\/\/balencio.com\/wp-content\/uploads\/2023\/07\/News-rafiki.png\" \/>\n\t<meta property=\"og:image:width\" content=\"1648\" \/>\n\t<meta property=\"og:image:height\" content=\"1228\" \/>\n\t<meta property=\"og:image:type\" content=\"image\/png\" \/>\n<meta name=\"twitter:card\" content=\"summary_large_image\" \/>\n<meta name=\"twitter:label1\" content=\"Geschatte leestijd\" \/>\n\t<meta name=\"twitter:data1\" content=\"6 minuten\" \/>\n<script type=\"application\/ld+json\" class=\"yoast-schema-graph\">{\"@context\":\"https:\\\/\\\/schema.org\",\"@graph\":[{\"@type\":\"WebPage\",\"@id\":\"https:\\\/\\\/balencio.com\\\/nl\\\/pers\\\/\",\"url\":\"https:\\\/\\\/balencio.com\\\/nl\\\/pers\\\/\",\"name\":\"Pers Balencio : al ons nieuws\",\"isPartOf\":{\"@id\":\"https:\\\/\\\/balencio.com\\\/nl\\\/#website\"},\"primaryImageOfPage\":{\"@id\":\"https:\\\/\\\/balencio.com\\\/nl\\\/pers\\\/#primaryimage\"},\"image\":{\"@id\":\"https:\\\/\\\/balencio.com\\\/nl\\\/pers\\\/#primaryimage\"},\"thumbnailUrl\":\"http:\\\/\\\/balencio.com\\\/wp-content\\\/uploads\\\/2023\\\/07\\\/News-rafiki-1024x763.png\",\"datePublished\":\"2023-06-30T08:25:19+00:00\",\"dateModified\":\"2026-04-14T08:55:19+00:00\",\"description\":\"Bekijk het laatste nieuws van Balencio, onze vermeldingen in de pers en download onze mediakit.\",\"breadcrumb\":{\"@id\":\"https:\\\/\\\/balencio.com\\\/nl\\\/pers\\\/#breadcrumb\"},\"inLanguage\":\"nl-NL\",\"potentialAction\":[{\"@type\":\"ReadAction\",\"target\":[\"https:\\\/\\\/balencio.com\\\/nl\\\/pers\\\/\"]}]},{\"@type\":\"ImageObject\",\"inLanguage\":\"nl-NL\",\"@id\":\"https:\\\/\\\/balencio.com\\\/nl\\\/pers\\\/#primaryimage\",\"url\":\"http:\\\/\\\/balencio.com\\\/wp-content\\\/uploads\\\/2023\\\/07\\\/News-rafiki-1024x763.png\",\"contentUrl\":\"http:\\\/\\\/balencio.com\\\/wp-content\\\/uploads\\\/2023\\\/07\\\/News-rafiki-1024x763.png\"},{\"@type\":\"BreadcrumbList\",\"@id\":\"https:\\\/\\\/balencio.com\\\/nl\\\/pers\\\/#breadcrumb\",\"itemListElement\":[{\"@type\":\"ListItem\",\"position\":1,\"name\":\"Home\",\"item\":\"https:\\\/\\\/balencio.com\\\/nl\\\/\"},{\"@type\":\"ListItem\",\"position\":2,\"name\":\"Pers\"}]},{\"@type\":\"WebSite\",\"@id\":\"https:\\\/\\\/balencio.com\\\/nl\\\/#website\",\"url\":\"https:\\\/\\\/balencio.com\\\/nl\\\/\",\"name\":\"Balencio\",\"description\":\"Expert en gestion du capital humain\",\"publisher\":{\"@id\":\"https:\\\/\\\/balencio.com\\\/nl\\\/#organization\"},\"potentialAction\":[{\"@type\":\"SearchAction\",\"target\":{\"@type\":\"EntryPoint\",\"urlTemplate\":\"https:\\\/\\\/balencio.com\\\/nl\\\/?s={search_term_string}\"},\"query-input\":{\"@type\":\"PropertyValueSpecification\",\"valueRequired\":true,\"valueName\":\"search_term_string\"}}],\"inLanguage\":\"nl-NL\"},{\"@type\":\"Organization\",\"@id\":\"https:\\\/\\\/balencio.com\\\/nl\\\/#organization\",\"name\":\"Balencio\",\"url\":\"https:\\\/\\\/balencio.com\\\/nl\\\/\",\"logo\":{\"@type\":\"ImageObject\",\"inLanguage\":\"nl-NL\",\"@id\":\"https:\\\/\\\/balencio.com\\\/nl\\\/#\\\/schema\\\/logo\\\/image\\\/\",\"url\":\"https:\\\/\\\/balencio.com\\\/wp-content\\\/uploads\\\/2023\\\/06\\\/logo.svg\",\"contentUrl\":\"https:\\\/\\\/balencio.com\\\/wp-content\\\/uploads\\\/2023\\\/06\\\/logo.svg\",\"width\":\"1024\",\"height\":\"1024\",\"caption\":\"Balencio\"},\"image\":{\"@id\":\"https:\\\/\\\/balencio.com\\\/nl\\\/#\\\/schema\\\/logo\\\/image\\\/\"},\"sameAs\":[\"https:\\\/\\\/be.linkedin.com\\\/company\\\/balencio\"]}]}<\/script>\n<!-- \/ Yoast SEO plugin. -->","yoast_head_json":{"title":"Pers Balencio : al ons nieuws","description":"Bekijk het laatste nieuws van Balencio, onze vermeldingen in de pers en download onze mediakit.","robots":{"index":"index","follow":"follow","max-snippet":"max-snippet:-1","max-image-preview":"max-image-preview:large","max-video-preview":"max-video-preview:-1"},"canonical":"https:\/\/balencio.com\/nl\/pers\/","og_locale":"nl_NL","og_type":"article","og_title":"Pers Balencio : al ons nieuws","og_description":"Bekijk het laatste nieuws van Balencio, onze vermeldingen in de pers en download onze mediakit.","og_url":"https:\/\/balencio.com\/nl\/pers\/","og_site_name":"Balencio","article_modified_time":"2026-04-14T08:55:19+00:00","og_image":[{"width":1648,"height":1228,"url":"https:\/\/balencio.com\/wp-content\/uploads\/2023\/07\/News-rafiki.png","type":"image\/png"}],"twitter_card":"summary_large_image","twitter_misc":{"Geschatte leestijd":"6 minuten"},"schema":{"@context":"https:\/\/schema.org","@graph":[{"@type":"WebPage","@id":"https:\/\/balencio.com\/nl\/pers\/","url":"https:\/\/balencio.com\/nl\/pers\/","name":"Pers Balencio : al ons nieuws","isPartOf":{"@id":"https:\/\/balencio.com\/nl\/#website"},"primaryImageOfPage":{"@id":"https:\/\/balencio.com\/nl\/pers\/#primaryimage"},"image":{"@id":"https:\/\/balencio.com\/nl\/pers\/#primaryimage"},"thumbnailUrl":"https:\/\/balencio.com\/wp-content\/uploads\/2023\/07\/News-rafiki-1024x763.png","datePublished":"2023-06-30T08:25:19+00:00","dateModified":"2026-04-14T08:55:19+00:00","description":"Bekijk het laatste nieuws van Balencio, onze vermeldingen in de pers en download onze mediakit.","breadcrumb":{"@id":"https:\/\/balencio.com\/nl\/pers\/#breadcrumb"},"inLanguage":"nl-NL","potentialAction":[{"@type":"ReadAction","target":["https:\/\/balencio.com\/nl\/pers\/"]}]},{"@type":"ImageObject","inLanguage":"nl-NL","@id":"https:\/\/balencio.com\/nl\/pers\/#primaryimage","url":"https:\/\/balencio.com\/wp-content\/uploads\/2023\/07\/News-rafiki-1024x763.png","contentUrl":"https:\/\/balencio.com\/wp-content\/uploads\/2023\/07\/News-rafiki-1024x763.png"},{"@type":"BreadcrumbList","@id":"https:\/\/balencio.com\/nl\/pers\/#breadcrumb","itemListElement":[{"@type":"ListItem","position":1,"name":"Home","item":"https:\/\/balencio.com\/nl\/"},{"@type":"ListItem","position":2,"name":"Pers"}]},{"@type":"WebSite","@id":"https:\/\/balencio.com\/nl\/#website","url":"https:\/\/balencio.com\/nl\/","name":"Balencio","description":"Expert en gestion du capital humain","publisher":{"@id":"https:\/\/balencio.com\/nl\/#organization"},"potentialAction":[{"@type":"SearchAction","target":{"@type":"EntryPoint","urlTemplate":"https:\/\/balencio.com\/nl\/?s={search_term_string}"},"query-input":{"@type":"PropertyValueSpecification","valueRequired":true,"valueName":"search_term_string"}}],"inLanguage":"nl-NL"},{"@type":"Organization","@id":"https:\/\/balencio.com\/nl\/#organization","name":"Balencio","url":"https:\/\/balencio.com\/nl\/","logo":{"@type":"ImageObject","inLanguage":"nl-NL","@id":"https:\/\/balencio.com\/nl\/#\/schema\/logo\/image\/","url":"https:\/\/balencio.com\/wp-content\/uploads\/2023\/06\/logo.svg","contentUrl":"https:\/\/balencio.com\/wp-content\/uploads\/2023\/06\/logo.svg","width":"1024","height":"1024","caption":"Balencio"},"image":{"@id":"https:\/\/balencio.com\/nl\/#\/schema\/logo\/image\/"},"sameAs":["https:\/\/be.linkedin.com\/company\/balencio"]}]}},"_links":{"self":[{"href":"https:\/\/balencio.com\/nl\/wp-json\/wp\/v2\/pages\/3377","targetHints":{"allow":["GET"]}}],"collection":[{"href":"https:\/\/balencio.com\/nl\/wp-json\/wp\/v2\/pages"}],"about":[{"href":"https:\/\/balencio.com\/nl\/wp-json\/wp\/v2\/types\/page"}],"author":[{"embeddable":true,"href":"https:\/\/balencio.com\/nl\/wp-json\/wp\/v2\/users\/3"}],"replies":[{"embeddable":true,"href":"https:\/\/balencio.com\/nl\/wp-json\/wp\/v2\/comments?post=3377"}],"version-history":[{"count":10,"href":"https:\/\/balencio.com\/nl\/wp-json\/wp\/v2\/pages\/3377\/revisions"}],"predecessor-version":[{"id":8455,"href":"https:\/\/balencio.com\/nl\/wp-json\/wp\/v2\/pages\/3377\/revisions\/8455"}],"wp:attachment":[{"href":"https:\/\/balencio.com\/nl\/wp-json\/wp\/v2\/media?parent=3377"}],"curies":[{"name":"wp","href":"https:\/\/api.w.org\/{rel}","templated":true}]}}